{"id":590,"date":"2025-10-07T18:34:04","date_gmt":"2025-10-07T16:34:04","guid":{"rendered":"https:\/\/www.taxteam-avocats.com\/fr\/?post_type=team_expertise&#038;p=590"},"modified":"2026-01-02T14:44:07","modified_gmt":"2026-01-02T13:44:07","slug":"impots-locaux-entreprises","status":"publish","type":"team_expertise","link":"https:\/\/www.taxteam-avocats.com\/fr\/expertise\/impots-locaux-entreprises\/","title":{"rendered":"Imp\u00f4ts locaux"},"content":{"rendered":"\n<div class=\"wp-block-group has-global-padding is-layout-constrained wp-container-core-group-is-layout-4d69848d wp-block-group-is-layout-constrained\" style=\"padding-top:var(--wp--preset--spacing--80);padding-bottom:var(--wp--preset--spacing--80)\">\n<div class=\"wp-block-group has-global-padding is-layout-constrained wp-block-group-is-layout-constrained\"><h2 class=\"wp-block-post-title\">Imp\u00f4ts locaux<\/h2><\/div>\n\n\n\n<div class=\"wp-block-columns is-layout-flex wp-container-core-columns-is-layout-643ced6b wp-block-columns-is-layout-flex\">\n<div class=\"wp-block-column is-layout-flow wp-container-core-column-is-layout-0ab540ad wp-block-column-is-layout-flow\" style=\"flex-basis:70%\">\n<div class=\"wp-block-group has-global-padding is-layout-constrained wp-container-core-group-is-layout-92b9201d wp-block-group-is-layout-constrained\">\n<p>TAX TEAM et CONSEILS dispose d\u2019une expertise longue et d\u00e9velopp\u00e9e en mati\u00e8re d\u2019imp\u00f4ts locaux, notamment sur la contribution \u00e9conomique territoriale (CET) \u2014 qui regroupe la cotisation fonci\u00e8re des entreprises (CFE) et la cotisation sur la valeur ajout\u00e9e des entreprises (CVAE) \u2014 mais aussi sur la taxe fonci\u00e8re, la taxe de s\u00e9jour, ou encore la taxe locale sur les enseignes et publicit\u00e9s ext\u00e9rieures (TLPE) ou la taxe d\u2019am\u00e9nagement.<\/p>\n\n\n\n<p>Ces impositions, souvent per\u00e7ues comme techniques et difficiles, sont ma\u00eetris\u00e9es par notre \u00e9quipe d\u2019avocats fiscalistes. Nous pouvons proc\u00e9der \u00e0 une analyse approfondie de vos impositions en vue d\u2019identifier des leviers d\u2019optimisation ou de d\u00e9gr\u00e8vements.<\/p>\n<\/div>\n\n\n\n<div class=\"wp-block-group has-global-padding is-layout-constrained wp-container-core-group-is-layout-92b9201d wp-block-group-is-layout-constrained\">\n<h5 class=\"wp-block-heading\">Nos interventions<\/h5>\n\n\n\n<div class=\"wp-block-kadence-accordion alignnone\"><div class=\"kt-accordion-wrap kt-accordion-id590_298f95-22 kt-accordion-has-3-panes kt-active-pane-0 kt-accordion-block kt-pane-header-alignment-left kt-accodion-icon-style-arrow kt-accodion-icon-side-right\" style=\"max-width:none\"><div class=\"kt-accordion-inner-wrap\" data-allow-multiple-open=\"false\" data-start-open=\"0\">\n<div class=\"wp-block-kadence-pane kt-accordion-pane kt-accordion-pane-1 kt-pane590_4e9970-7b\"><div class=\"kt-accordion-header-wrap\"><button class=\"kt-blocks-accordion-header kt-acccordion-button-label-show\" type=\"button\"><span class=\"kt-blocks-accordion-title-wrap\"><span class=\"kt-blocks-accordion-title\">Audit fiscal local : identification des risques et opportunit\u00e9s<\/span><\/span><span class=\"kt-blocks-accordion-icon-trigger\"><\/span><\/button><\/div><div class=\"kt-accordion-panel kt-accordion-panel-hidden\"><div class=\"kt-accordion-panel-inner\">\n<div class=\"wp-block-group has-global-padding is-layout-constrained wp-container-core-group-is-layout-92b9201d wp-block-group-is-layout-constrained\">\n<p>Nous pouvons r\u00e9aliser un audit complet de votre situation en mati\u00e8re d\u2019imp\u00f4ts locaux, prenant en compte :<\/p>\n\n\n\n<ul style=\"line-height:1.5\" class=\"wp-block-list\">\n<li>Vos implantations et la nature des locaux utilis\u00e9s ;<\/li>\n\n\n\n<li>Les modalit\u00e9s d\u2019exploitation ou de location ;<\/li>\n\n\n\n<li>Les d\u00e9clarations d\u00e9pos\u00e9es ant\u00e9rieurement ;<\/li>\n\n\n\n<li>La m\u00e9thode d\u2019\u00e9valuation de la valeur locative utilis\u00e9e selon l\u2019affectation des biens au logement, une activit\u00e9 professionnelle, commerciale ou industrielle&nbsp;;<\/li>\n\n\n\n<li>Les exon\u00e9rations ou r\u00e9gimes de faveur \u00e9ventuellement applicables.<\/li>\n<\/ul>\n\n\n\n<p>Cet audit vise \u00e0 identifier les \u00e9carts \u00e9ventuels entre les bases retenues par l\u2019administration et la r\u00e9alit\u00e9 \u00e9conomique, mais \u00e9galement les opportunit\u00e9s d\u2019optimisation ou de d\u00e9gr\u00e8vement.<\/p>\n<\/div>\n<\/div><\/div><\/div>\n\n\n\n<div class=\"wp-block-kadence-pane kt-accordion-pane kt-accordion-pane-2 kt-pane590_b602e4-09\"><div class=\"kt-accordion-header-wrap\"><button class=\"kt-blocks-accordion-header kt-acccordion-button-label-show\" type=\"button\"><span class=\"kt-blocks-accordion-title-wrap\"><span class=\"kt-blocks-accordion-title\">Accompagnement d\u00e9claratif et calcul des bases<\/span><\/span><span class=\"kt-blocks-accordion-icon-trigger\"><\/span><\/button><\/div><div class=\"kt-accordion-panel kt-accordion-panel-hidden\"><div class=\"kt-accordion-panel-inner\">\n<div class=\"wp-block-group has-global-padding is-layout-constrained wp-container-core-group-is-layout-92b9201d wp-block-group-is-layout-constrained\">\n<p>Nous intervenons \u00e0 vos c\u00f4t\u00e9s pour :<\/p>\n\n\n\n<ul style=\"line-height:1.5\" class=\"wp-block-list\">\n<li>Vous pr\u00e9senter les principales r\u00e8gles applicables&nbsp;;<\/li>\n\n\n\n<li>D\u00e9terminer les bases imposables et estimer les imp\u00f4ts locaux (valeurs locatives, taux, surface, affectation des locaux) ;<\/li>\n\n\n\n<li>V\u00e9rifier les d\u00e9clarations et les \u00e9l\u00e9ments transmis \u00e0 l\u2019administration fiscale&nbsp;<\/li>\n\n\n\n<li>Etablir ou s\u00e9curiser les d\u00e9clarations obligatoires ;<\/li>\n\n\n\n<li>Anticiper les \u00e9volutions (r\u00e9vision des valeurs locatives, r\u00e9formes de la CVAE, etc.).<\/li>\n<\/ul>\n<\/div>\n<\/div><\/div><\/div>\n\n\n\n<div class=\"wp-block-kadence-pane kt-accordion-pane kt-accordion-pane-3 kt-pane590_e4519f-8b\"><div class=\"kt-accordion-header-wrap\"><button class=\"kt-blocks-accordion-header kt-acccordion-button-label-show\" type=\"button\"><span class=\"kt-blocks-accordion-title-wrap\"><span class=\"kt-blocks-accordion-title\">Repr\u00e9sentation en cas de contr\u00f4le ou de litige<\/span><\/span><span class=\"kt-blocks-accordion-icon-trigger\"><\/span><\/button><\/div><div class=\"kt-accordion-panel kt-accordion-panel-hidden\"><div class=\"kt-accordion-panel-inner\">\n<div class=\"wp-block-group has-global-padding is-layout-constrained wp-container-core-group-is-layout-92b9201d wp-block-group-is-layout-constrained\">\n<p>Lorsque des \u00e9carts ou des erreurs sont identifi\u00e9s, TAX TEAM et CONSEILS vous assiste dans la pr\u00e9sentation de r\u00e9clamations contentieuses et demandes de d\u00e9gr\u00e8vement dans tous les domaines de la fiscalit\u00e9 locale et notamment les litiges li\u00e9s \u00e0 la taxe fonci\u00e8re et\/ou \u00e0 la CFE&nbsp;: valeurs locatives inadapt\u00e9es, erreurs de classification, sinistres ou inexploitation des locaux, etc. mais aussi les demandes de plafonnement selon la valeur ajout\u00e9e, affectation des immobilisations, exon\u00e9ration.<\/p>\n\n\n\n<p>Notre \u00e9quipe vous assiste :<\/p>\n\n\n\n<ul class=\"wp-block-list\">\n<li>Lors d\u2019un contr\u00f4le sur pi\u00e8ces ou sur place ;<\/li>\n\n\n\n<li>Dans le cadre d\u2019un redressement portant sur les bases imposables ;<\/li>\n<\/ul>\n\n\n\n<p>Ou devant les juridictions administratives comp\u00e9tentes (r\u00e9clamations, contentieux, recours en annulation ou en r\u00e9vision).<\/p>\n<\/div>\n<\/div><\/div><\/div>\n<\/div><\/div><\/div>\n<\/div>\n\n\n\n<div class=\"wp-block-group has-global-padding is-layout-constrained wp-container-core-group-is-layout-92b9201d wp-block-group-is-layout-constrained\">\n<h5 class=\"wp-block-heading\">Une approche strat\u00e9gique au service de vos int\u00e9r\u00eats<\/h5>\n\n\n\n<p>Notre objectif est de garantir une taxation \u00e9quitable, conforme \u00e0 la r\u00e9alit\u00e9 de votre activit\u00e9, tout en vous assurant de ne pas supporter ind\u00fbment des charges fiscales locales. Gr\u00e2ce \u00e0 une connaissance pointue de la fiscalit\u00e9 locale et des pratiques de l\u2019administration, nous offrons \u00e0 nos clients un accompagnement pragmatique, strat\u00e9gique et s\u00e9curis\u00e9.&nbsp;<\/p>\n\n\n\n<p>TAX TEAM et CONSEILS vous accompagne pour transformer la complexit\u00e9 des imp\u00f4ts locaux en levier de performance. <a href=\"https:\/\/www.taxteam-avocats.com\/fr\/contact\/\" data-type=\"page\" data-id=\"31\">Contactez nous<\/a>.<\/p>\n<\/div>\n<\/div>\n\n\n\n<div class=\"wp-block-column is-layout-flow wp-block-column-is-layout-flow\" style=\"flex-basis:30%\">\n<div class=\"wp-block-query is-layout-flow wp-block-query-is-layout-flow\"><ul class=\"wp-block-post-template is-layout-flow wp-block-post-template-is-layout-flow\"><li class=\"wp-block-post post-28 team_member type-team_member status-publish has-post-thumbnail hentry qualite-avocat-associe specialite-avocat-fiscaliste\">\n<div class=\"wp-block-nopow-agency-post-group has-background has-custom-couleur-terciaire-background-color\"><a class=\"cover-link\" href=\"https:\/\/www.taxteam-avocats.com\/fr\/avocat\/jean-jacques-calderini\/\"><\/a>\n<div class=\"wp-block-columns is-layout-flex wp-container-core-columns-is-layout-28f84493 wp-block-columns-is-layout-flex\">\n<div class=\"wp-block-column is-layout-flow wp-block-column-is-layout-flow\" style=\"flex-basis:40%\"><figure class=\"na-flex-height wp-block-post-featured-image\"><img loading=\"lazy\" decoding=\"async\" width=\"500\" height=\"546\" src=\"https:\/\/www.taxteam-avocats.com\/fr\/wp-content\/uploads\/sites\/2\/2025\/09\/portrait-jean-jacques-calderini-500x546-1.jpg\" class=\"attachment-post-thumbnail size-post-thumbnail wp-post-image\" alt=\"Photo de portrait de l&#039;avocat Jean-Jacques Cald\u00e9rini.\" style=\"object-fit:cover;\" srcset=\"https:\/\/www.taxteam-avocats.com\/fr\/wp-content\/uploads\/sites\/2\/2025\/09\/portrait-jean-jacques-calderini-500x546-1.jpg 500w, https:\/\/www.taxteam-avocats.com\/fr\/wp-content\/uploads\/sites\/2\/2025\/09\/portrait-jean-jacques-calderini-500x546-1-275x300.jpg 275w\" sizes=\"auto, (max-width: 500px) 100vw, 500px\" \/><\/figure><\/div>\n\n\n\n<div class=\"wp-block-column is-layout-flow wp-container-core-column-is-layout-ecc89841 wp-block-column-is-layout-flow\" style=\"padding-top:var(--wp--preset--spacing--30);padding-right:var(--wp--preset--spacing--30);padding-bottom:var(--wp--preset--spacing--30);padding-left:var(--wp--preset--spacing--30);flex-basis:60%\"><h5 style=\"text-transform:uppercase; border-bottom-width:1px;border-bottom-color:var(--wp--preset--color--custom-couleur-secondaire);\" class=\"has-link-color wp-elements-158f95e66a63e1f526ae92a5b6aa222b wp-block-post-title has-text-color has-custom-blanc-color\">Jean-Jacques Cald\u00e9rini<\/h5>\n\n\n<div class=\"wp-block-group is-content-justification-right is-nowrap is-layout-flex wp-container-core-group-is-layout-17934613 wp-block-group-is-layout-flex\"><div class=\"wp-block-nopow-agency-member-social-link\"><a href=\"mailto:jj.calderini@ttc-avocats.com\" target=\"_blank\" rel=\"noopener noreferrer\">\n<figure class=\"wp-block-image size-full is-resized\"><img loading=\"lazy\" decoding=\"async\" width=\"248\" height=\"183\" src=\"https:\/\/www.taxteam-avocats.com\/fr\/wp-content\/uploads\/sites\/2\/2025\/09\/mail-256x256-1-e1760548936876.png\" alt=\"\" class=\"wp-image-821\" style=\"width:auto;height:30px\" \/><\/figure>\n<\/a><\/div>\n\n<div class=\"wp-block-nopow-agency-member-social-link\"><a href=\"https:\/\/www.linkedin.com\/in\/jean-jacques-cald%C3%A9rini\/\" target=\"_blank\" rel=\"noopener noreferrer\">\n<figure class=\"wp-block-image size-full is-resized\"><img loading=\"lazy\" decoding=\"async\" width=\"256\" height=\"256\" src=\"https:\/\/www.taxteam-avocats.com\/fr\/wp-content\/uploads\/sites\/2\/2025\/09\/linkedin-256x256-1.png\" alt=\"\" class=\"wp-image-822\" style=\"width:auto;height:30px\" srcset=\"https:\/\/www.taxteam-avocats.com\/fr\/wp-content\/uploads\/sites\/2\/2025\/09\/linkedin-256x256-1.png 256w, https:\/\/www.taxteam-avocats.com\/fr\/wp-content\/uploads\/sites\/2\/2025\/09\/linkedin-256x256-1-150x150.png 150w\" sizes=\"auto, (max-width: 256px) 100vw, 256px\" \/><\/figure>\n<\/a><\/div><\/div>\n<\/div>\n<\/div>\n<\/div>\n<\/li><li class=\"wp-block-post post-24 team_member type-team_member status-publish has-post-thumbnail hentry qualite-avocat-associe specialite-avocat-fiscaliste\">\n<div class=\"wp-block-nopow-agency-post-group has-background has-custom-couleur-terciaire-background-color\"><a class=\"cover-link\" href=\"https:\/\/www.taxteam-avocats.com\/fr\/avocat\/antoine-de-ginestet\/\"><\/a>\n<div class=\"wp-block-columns is-layout-flex wp-container-core-columns-is-layout-28f84493 wp-block-columns-is-layout-flex\">\n<div class=\"wp-block-column is-layout-flow wp-block-column-is-layout-flow\" style=\"flex-basis:40%\"><figure class=\"na-flex-height wp-block-post-featured-image\"><img loading=\"lazy\" decoding=\"async\" width=\"500\" height=\"546\" src=\"https:\/\/www.taxteam-avocats.com\/fr\/wp-content\/uploads\/sites\/2\/2025\/09\/portrait-antoine-ginestet-500x546-1.jpg\" class=\"attachment-post-thumbnail size-post-thumbnail wp-post-image\" alt=\"Photo de portrait de l&#039;avocat Antoine Ginestet.\" style=\"object-fit:cover;\" srcset=\"https:\/\/www.taxteam-avocats.com\/fr\/wp-content\/uploads\/sites\/2\/2025\/09\/portrait-antoine-ginestet-500x546-1.jpg 500w, https:\/\/www.taxteam-avocats.com\/fr\/wp-content\/uploads\/sites\/2\/2025\/09\/portrait-antoine-ginestet-500x546-1-275x300.jpg 275w\" sizes=\"auto, (max-width: 500px) 100vw, 500px\" \/><\/figure><\/div>\n\n\n\n<div class=\"wp-block-column is-layout-flow wp-container-core-column-is-layout-ecc89841 wp-block-column-is-layout-flow\" style=\"padding-top:var(--wp--preset--spacing--30);padding-right:var(--wp--preset--spacing--30);padding-bottom:var(--wp--preset--spacing--30);padding-left:var(--wp--preset--spacing--30);flex-basis:60%\"><h5 style=\"text-transform:uppercase; border-bottom-width:1px;border-bottom-color:var(--wp--preset--color--custom-couleur-secondaire);\" class=\"has-link-color wp-elements-158f95e66a63e1f526ae92a5b6aa222b wp-block-post-title has-text-color has-custom-blanc-color\">Antoine de Ginestet<\/h5>\n\n\n<div class=\"wp-block-group is-content-justification-right is-nowrap is-layout-flex wp-container-core-group-is-layout-17934613 wp-block-group-is-layout-flex\"><div class=\"wp-block-nopow-agency-member-social-link\"><a href=\"mailto:a.deginestet@ttc-avocats.com\" target=\"_blank\" rel=\"noopener noreferrer\">\n<figure class=\"wp-block-image size-full is-resized\"><img loading=\"lazy\" decoding=\"async\" width=\"248\" height=\"183\" src=\"https:\/\/www.taxteam-avocats.com\/fr\/wp-content\/uploads\/sites\/2\/2025\/09\/mail-256x256-1-e1760548936876.png\" alt=\"\" class=\"wp-image-821\" style=\"width:auto;height:30px\" \/><\/figure>\n<\/a><\/div>\n\n<div class=\"wp-block-nopow-agency-member-social-link\"><a href=\"https:\/\/www.linkedin.com\/in\/antoine-de-ginestet\/\" target=\"_blank\" rel=\"noopener noreferrer\">\n<figure class=\"wp-block-image size-full is-resized\"><img loading=\"lazy\" decoding=\"async\" width=\"256\" height=\"256\" src=\"https:\/\/www.taxteam-avocats.com\/fr\/wp-content\/uploads\/sites\/2\/2025\/09\/linkedin-256x256-1.png\" alt=\"\" class=\"wp-image-822\" style=\"width:auto;height:30px\" srcset=\"https:\/\/www.taxteam-avocats.com\/fr\/wp-content\/uploads\/sites\/2\/2025\/09\/linkedin-256x256-1.png 256w, https:\/\/www.taxteam-avocats.com\/fr\/wp-content\/uploads\/sites\/2\/2025\/09\/linkedin-256x256-1-150x150.png 150w\" sizes=\"auto, (max-width: 256px) 100vw, 256px\" \/><\/figure>\n<\/a><\/div><\/div>\n<\/div>\n<\/div>\n<\/div>\n<\/li><li class=\"wp-block-post post-20 team_member type-team_member status-publish has-post-thumbnail hentry qualite-avocate-collaboratrice specialite-avocat-fiscaliste\">\n<div class=\"wp-block-nopow-agency-post-group has-background has-custom-couleur-terciaire-background-color\"><a class=\"cover-link\" href=\"https:\/\/www.taxteam-avocats.com\/fr\/avocat\/luna-sistiaga\/\"><\/a>\n<div class=\"wp-block-columns is-layout-flex wp-container-core-columns-is-layout-28f84493 wp-block-columns-is-layout-flex\">\n<div class=\"wp-block-column is-layout-flow wp-block-column-is-layout-flow\" style=\"flex-basis:40%\"><figure class=\"na-flex-height wp-block-post-featured-image\"><img loading=\"lazy\" decoding=\"async\" width=\"1280\" height=\"1398\" src=\"https:\/\/www.taxteam-avocats.com\/fr\/wp-content\/uploads\/sites\/2\/2020\/09\/Luna-Sistiaga-1920px-038-e1762351131306.jpg\" class=\"attachment-post-thumbnail size-post-thumbnail wp-post-image\" alt=\"\" style=\"object-fit:cover;\" srcset=\"https:\/\/www.taxteam-avocats.com\/fr\/wp-content\/uploads\/sites\/2\/2020\/09\/Luna-Sistiaga-1920px-038-e1762351131306.jpg 1280w, https:\/\/www.taxteam-avocats.com\/fr\/wp-content\/uploads\/sites\/2\/2020\/09\/Luna-Sistiaga-1920px-038-e1762351131306-275x300.jpg 275w, https:\/\/www.taxteam-avocats.com\/fr\/wp-content\/uploads\/sites\/2\/2020\/09\/Luna-Sistiaga-1920px-038-e1762351131306-938x1024.jpg 938w, https:\/\/www.taxteam-avocats.com\/fr\/wp-content\/uploads\/sites\/2\/2020\/09\/Luna-Sistiaga-1920px-038-e1762351131306-768x839.jpg 768w\" sizes=\"auto, (max-width: 1280px) 100vw, 1280px\" \/><\/figure><\/div>\n\n\n\n<div class=\"wp-block-column is-layout-flow wp-container-core-column-is-layout-ecc89841 wp-block-column-is-layout-flow\" style=\"padding-top:var(--wp--preset--spacing--30);padding-right:var(--wp--preset--spacing--30);padding-bottom:var(--wp--preset--spacing--30);padding-left:var(--wp--preset--spacing--30);flex-basis:60%\"><h5 style=\"text-transform:uppercase; border-bottom-width:1px;border-bottom-color:var(--wp--preset--color--custom-couleur-secondaire);\" class=\"has-link-color wp-elements-158f95e66a63e1f526ae92a5b6aa222b wp-block-post-title has-text-color has-custom-blanc-color\">Luna Sistiaga<\/h5>\n\n\n<div class=\"wp-block-group is-content-justification-right is-nowrap is-layout-flex wp-container-core-group-is-layout-17934613 wp-block-group-is-layout-flex\"><div class=\"wp-block-nopow-agency-member-social-link\"><a href=\"mailto:info@taxteam.fr\" target=\"_blank\" rel=\"noopener noreferrer\">\n<figure class=\"wp-block-image size-full is-resized\"><img loading=\"lazy\" decoding=\"async\" width=\"248\" height=\"183\" src=\"https:\/\/www.taxteam-avocats.com\/fr\/wp-content\/uploads\/sites\/2\/2025\/09\/mail-256x256-1-e1760548936876.png\" alt=\"\" class=\"wp-image-821\" style=\"width:auto;height:30px\" \/><\/figure>\n<\/a><\/div>\n\n<div class=\"wp-block-nopow-agency-member-social-link\"><a href=\"#\" target=\"_blank\" rel=\"noopener noreferrer\">\n<figure class=\"wp-block-image size-full is-resized\"><img loading=\"lazy\" decoding=\"async\" width=\"256\" height=\"256\" src=\"https:\/\/www.taxteam-avocats.com\/fr\/wp-content\/uploads\/sites\/2\/2025\/09\/linkedin-256x256-1.png\" alt=\"\" class=\"wp-image-822\" style=\"width:auto;height:30px\" srcset=\"https:\/\/www.taxteam-avocats.com\/fr\/wp-content\/uploads\/sites\/2\/2025\/09\/linkedin-256x256-1.png 256w, https:\/\/www.taxteam-avocats.com\/fr\/wp-content\/uploads\/sites\/2\/2025\/09\/linkedin-256x256-1-150x150.png 150w\" sizes=\"auto, (max-width: 256px) 100vw, 256px\" \/><\/figure>\n<\/a><\/div><\/div>\n<\/div>\n<\/div>\n<\/div>\n<\/li><\/ul>\n\n<\/div>\n<\/div>\n<\/div>\n<\/div>\n","protected":false},"excerpt":{"rendered":"<p>Notre cabinet d&rsquo;avocats met son expertise en fiscalit\u00e9 au service des entreprises afin d\u2019optimiser et de s\u00e9curiser leurs imp\u00f4ts locaux. L\u2019\u00e9quipe d\u2019avocats fiscalistes intervient sur la contribution \u00e9conomique territoriale (CFE, CVAE), la taxe fonci\u00e8re, la TLPE, la taxe de s\u00e9jour ou la taxe d\u2019am\u00e9nagement. Elle r\u00e9alise des audits, accompagne les d\u00e9clarations et d\u00e9fend les contribuables en cas de contr\u00f4le ou de litige, pour garantir une imposition \u00e9quitable et conforme \u00e0 la r\u00e9alit\u00e9 de l\u2019activit\u00e9.<\/p>\n","protected":false},"featured_media":0,"template":"","expertise-type":[6],"class_list":["post-590","team_expertise","type-team_expertise","status-publish","hentry","expertise-type-fiscalite-des-entreprises"],"yoast_head":"<!-- This site is optimized with the Yoast SEO plugin v26.8 - https:\/\/yoast.com\/product\/yoast-seo-wordpress\/ -->\n<title>Tax Team et Conseils - Optimiser vos imp\u00f4ts locaux d&#039;entreprises<\/title>\n<meta name=\"description\" content=\"Optimisez vos imp\u00f4ts locaux d&#039;entreprises avec TAX TEAM et CONSEILS. Nos avocats fiscalistes accompagnent les entreprises pour la CFE, la CVAE, la taxe fonci\u00e8re et les autres fiscalit\u00e9s locales, de l\u2019audit au contentieux.\" \/>\n<meta name=\"robots\" content=\"index, follow, max-snippet:-1, max-image-preview:large, max-video-preview:-1\" \/>\n<link rel=\"canonical\" href=\"https:\/\/www.taxteam-avocats.com\/fr\/expertise\/impots-locaux-entreprises\/\" \/>\n<meta property=\"og:locale\" content=\"fr_FR\" \/>\n<meta property=\"og:type\" content=\"article\" \/>\n<meta property=\"og:title\" content=\"Tax Team et Conseils - Optimiser vos imp\u00f4ts locaux d&#039;entreprises\" \/>\n<meta property=\"og:description\" content=\"Optimisez vos imp\u00f4ts locaux d&#039;entreprises avec TAX TEAM et CONSEILS. Nos avocats fiscalistes accompagnent les entreprises pour la CFE, la CVAE, la taxe fonci\u00e8re et les autres fiscalit\u00e9s locales, de l\u2019audit au contentieux.\" \/>\n<meta property=\"og:url\" content=\"https:\/\/www.taxteam-avocats.com\/fr\/expertise\/impots-locaux-entreprises\/\" \/>\n<meta property=\"og:site_name\" content=\"Tax Team et Conseils\" \/>\n<meta property=\"article:modified_time\" content=\"2026-01-02T13:44:07+00:00\" \/>\n<meta property=\"og:image\" content=\"https:\/\/www.taxteam-avocats.com\/fr\/wp-content\/uploads\/sites\/2\/2025\/09\/mail-256x256-1-e1760548936876.png\" \/>\n<meta name=\"twitter:card\" content=\"summary_large_image\" \/>\n<meta name=\"twitter:label1\" content=\"Dur\u00e9e de lecture estim\u00e9e\" \/>\n\t<meta name=\"twitter:data1\" content=\"3 minutes\" \/>\n<script type=\"application\/ld+json\" class=\"yoast-schema-graph\">{\"@context\":\"https:\/\/schema.org\",\"@graph\":[{\"@type\":\"WebPage\",\"@id\":\"https:\/\/www.taxteam-avocats.com\/fr\/expertise\/impots-locaux-entreprises\/\",\"url\":\"https:\/\/www.taxteam-avocats.com\/fr\/expertise\/impots-locaux-entreprises\/\",\"name\":\"Tax Team et Conseils - Optimiser vos imp\u00f4ts locaux d'entreprises\",\"isPartOf\":{\"@id\":\"https:\/\/www.taxteam-avocats.com\/fr\/#website\"},\"primaryImageOfPage\":{\"@id\":\"https:\/\/www.taxteam-avocats.com\/fr\/expertise\/impots-locaux-entreprises\/#primaryimage\"},\"image\":{\"@id\":\"https:\/\/www.taxteam-avocats.com\/fr\/expertise\/impots-locaux-entreprises\/#primaryimage\"},\"thumbnailUrl\":\"https:\/\/www.taxteam-avocats.com\/fr\/wp-content\/uploads\/sites\/2\/2025\/09\/mail-256x256-1-e1760548936876.png\",\"datePublished\":\"2025-10-07T16:34:04+00:00\",\"dateModified\":\"2026-01-02T13:44:07+00:00\",\"description\":\"Optimisez vos imp\u00f4ts locaux d'entreprises avec TAX TEAM et CONSEILS. Nos avocats fiscalistes accompagnent les entreprises pour la CFE, la CVAE, la taxe fonci\u00e8re et les autres fiscalit\u00e9s locales, de l\u2019audit au contentieux.\",\"breadcrumb\":{\"@id\":\"https:\/\/www.taxteam-avocats.com\/fr\/expertise\/impots-locaux-entreprises\/#breadcrumb\"},\"inLanguage\":\"fr-FR\",\"potentialAction\":[{\"@type\":\"ReadAction\",\"target\":[\"https:\/\/www.taxteam-avocats.com\/fr\/expertise\/impots-locaux-entreprises\/\"]}]},{\"@type\":\"ImageObject\",\"inLanguage\":\"fr-FR\",\"@id\":\"https:\/\/www.taxteam-avocats.com\/fr\/expertise\/impots-locaux-entreprises\/#primaryimage\",\"url\":\"https:\/\/www.taxteam-avocats.com\/fr\/wp-content\/uploads\/sites\/2\/2025\/09\/mail-256x256-1-e1760548936876.png\",\"contentUrl\":\"https:\/\/www.taxteam-avocats.com\/fr\/wp-content\/uploads\/sites\/2\/2025\/09\/mail-256x256-1-e1760548936876.png\",\"width\":248,\"height\":183},{\"@type\":\"BreadcrumbList\",\"@id\":\"https:\/\/www.taxteam-avocats.com\/fr\/expertise\/impots-locaux-entreprises\/#breadcrumb\",\"itemListElement\":[{\"@type\":\"ListItem\",\"position\":1,\"name\":\"Accueil\",\"item\":\"https:\/\/www.taxteam-avocats.com\/fr\/\"},{\"@type\":\"ListItem\",\"position\":2,\"name\":\"Expertises\",\"item\":\"https:\/\/www.taxteam-avocats.com\/fr\/expertise\/\"},{\"@type\":\"ListItem\",\"position\":3,\"name\":\"Imp\u00f4ts locaux\"}]},{\"@type\":\"WebSite\",\"@id\":\"https:\/\/www.taxteam-avocats.com\/fr\/#website\",\"url\":\"https:\/\/www.taxteam-avocats.com\/fr\/\",\"name\":\"Tax Team et Conseils\",\"description\":\"Cabinet d&#039;avocats \u00e0 Bordeaux\",\"publisher\":{\"@id\":\"https:\/\/www.taxteam-avocats.com\/fr\/#organization\"},\"potentialAction\":[{\"@type\":\"SearchAction\",\"target\":{\"@type\":\"EntryPoint\",\"urlTemplate\":\"https:\/\/www.taxteam-avocats.com\/fr\/?s={search_term_string}\"},\"query-input\":{\"@type\":\"PropertyValueSpecification\",\"valueRequired\":true,\"valueName\":\"search_term_string\"}}],\"inLanguage\":\"fr-FR\"},{\"@type\":\"Organization\",\"@id\":\"https:\/\/www.taxteam-avocats.com\/fr\/#organization\",\"name\":\"Tax Team et Conseils\",\"url\":\"https:\/\/www.taxteam-avocats.com\/fr\/\",\"logo\":{\"@type\":\"ImageObject\",\"inLanguage\":\"fr-FR\",\"@id\":\"https:\/\/www.taxteam-avocats.com\/fr\/#\/schema\/logo\/image\/\",\"url\":\"https:\/\/www.taxteam-avocats.com\/fr\/wp-content\/uploads\/sites\/2\/2025\/09\/TaxTeamConseil_logo_transparent.png\",\"contentUrl\":\"https:\/\/www.taxteam-avocats.com\/fr\/wp-content\/uploads\/sites\/2\/2025\/09\/TaxTeamConseil_logo_transparent.png\",\"width\":368,\"height\":49,\"caption\":\"Tax Team et Conseils\"},\"image\":{\"@id\":\"https:\/\/www.taxteam-avocats.com\/fr\/#\/schema\/logo\/image\/\"}}]}<\/script>\n<!-- \/ Yoast SEO plugin. -->","yoast_head_json":{"title":"Tax Team et Conseils - Optimiser vos imp\u00f4ts locaux d'entreprises","description":"Optimisez vos imp\u00f4ts locaux d'entreprises avec TAX TEAM et CONSEILS. Nos avocats fiscalistes accompagnent les entreprises pour la CFE, la CVAE, la taxe fonci\u00e8re et les autres fiscalit\u00e9s locales, de l\u2019audit au contentieux.","robots":{"index":"index","follow":"follow","max-snippet":"max-snippet:-1","max-image-preview":"max-image-preview:large","max-video-preview":"max-video-preview:-1"},"canonical":"https:\/\/www.taxteam-avocats.com\/fr\/expertise\/impots-locaux-entreprises\/","og_locale":"fr_FR","og_type":"article","og_title":"Tax Team et Conseils - Optimiser vos imp\u00f4ts locaux d'entreprises","og_description":"Optimisez vos imp\u00f4ts locaux d'entreprises avec TAX TEAM et CONSEILS. Nos avocats fiscalistes accompagnent les entreprises pour la CFE, la CVAE, la taxe fonci\u00e8re et les autres fiscalit\u00e9s locales, de l\u2019audit au contentieux.","og_url":"https:\/\/www.taxteam-avocats.com\/fr\/expertise\/impots-locaux-entreprises\/","og_site_name":"Tax Team et Conseils","article_modified_time":"2026-01-02T13:44:07+00:00","og_image":[{"url":"https:\/\/www.taxteam-avocats.com\/fr\/wp-content\/uploads\/sites\/2\/2025\/09\/mail-256x256-1-e1760548936876.png","type":"","width":"","height":""}],"twitter_card":"summary_large_image","twitter_misc":{"Dur\u00e9e de lecture estim\u00e9e":"3 minutes"},"schema":{"@context":"https:\/\/schema.org","@graph":[{"@type":"WebPage","@id":"https:\/\/www.taxteam-avocats.com\/fr\/expertise\/impots-locaux-entreprises\/","url":"https:\/\/www.taxteam-avocats.com\/fr\/expertise\/impots-locaux-entreprises\/","name":"Tax Team et Conseils - Optimiser vos imp\u00f4ts locaux d'entreprises","isPartOf":{"@id":"https:\/\/www.taxteam-avocats.com\/fr\/#website"},"primaryImageOfPage":{"@id":"https:\/\/www.taxteam-avocats.com\/fr\/expertise\/impots-locaux-entreprises\/#primaryimage"},"image":{"@id":"https:\/\/www.taxteam-avocats.com\/fr\/expertise\/impots-locaux-entreprises\/#primaryimage"},"thumbnailUrl":"https:\/\/www.taxteam-avocats.com\/fr\/wp-content\/uploads\/sites\/2\/2025\/09\/mail-256x256-1-e1760548936876.png","datePublished":"2025-10-07T16:34:04+00:00","dateModified":"2026-01-02T13:44:07+00:00","description":"Optimisez vos imp\u00f4ts locaux d'entreprises avec TAX TEAM et CONSEILS. Nos avocats fiscalistes accompagnent les entreprises pour la CFE, la CVAE, la taxe fonci\u00e8re et les autres fiscalit\u00e9s locales, de l\u2019audit au contentieux.","breadcrumb":{"@id":"https:\/\/www.taxteam-avocats.com\/fr\/expertise\/impots-locaux-entreprises\/#breadcrumb"},"inLanguage":"fr-FR","potentialAction":[{"@type":"ReadAction","target":["https:\/\/www.taxteam-avocats.com\/fr\/expertise\/impots-locaux-entreprises\/"]}]},{"@type":"ImageObject","inLanguage":"fr-FR","@id":"https:\/\/www.taxteam-avocats.com\/fr\/expertise\/impots-locaux-entreprises\/#primaryimage","url":"https:\/\/www.taxteam-avocats.com\/fr\/wp-content\/uploads\/sites\/2\/2025\/09\/mail-256x256-1-e1760548936876.png","contentUrl":"https:\/\/www.taxteam-avocats.com\/fr\/wp-content\/uploads\/sites\/2\/2025\/09\/mail-256x256-1-e1760548936876.png","width":248,"height":183},{"@type":"BreadcrumbList","@id":"https:\/\/www.taxteam-avocats.com\/fr\/expertise\/impots-locaux-entreprises\/#breadcrumb","itemListElement":[{"@type":"ListItem","position":1,"name":"Accueil","item":"https:\/\/www.taxteam-avocats.com\/fr\/"},{"@type":"ListItem","position":2,"name":"Expertises","item":"https:\/\/www.taxteam-avocats.com\/fr\/expertise\/"},{"@type":"ListItem","position":3,"name":"Imp\u00f4ts locaux"}]},{"@type":"WebSite","@id":"https:\/\/www.taxteam-avocats.com\/fr\/#website","url":"https:\/\/www.taxteam-avocats.com\/fr\/","name":"Tax Team et Conseils","description":"Cabinet d&#039;avocats \u00e0 Bordeaux","publisher":{"@id":"https:\/\/www.taxteam-avocats.com\/fr\/#organization"},"potentialAction":[{"@type":"SearchAction","target":{"@type":"EntryPoint","urlTemplate":"https:\/\/www.taxteam-avocats.com\/fr\/?s={search_term_string}"},"query-input":{"@type":"PropertyValueSpecification","valueRequired":true,"valueName":"search_term_string"}}],"inLanguage":"fr-FR"},{"@type":"Organization","@id":"https:\/\/www.taxteam-avocats.com\/fr\/#organization","name":"Tax Team et Conseils","url":"https:\/\/www.taxteam-avocats.com\/fr\/","logo":{"@type":"ImageObject","inLanguage":"fr-FR","@id":"https:\/\/www.taxteam-avocats.com\/fr\/#\/schema\/logo\/image\/","url":"https:\/\/www.taxteam-avocats.com\/fr\/wp-content\/uploads\/sites\/2\/2025\/09\/TaxTeamConseil_logo_transparent.png","contentUrl":"https:\/\/www.taxteam-avocats.com\/fr\/wp-content\/uploads\/sites\/2\/2025\/09\/TaxTeamConseil_logo_transparent.png","width":368,"height":49,"caption":"Tax Team et Conseils"},"image":{"@id":"https:\/\/www.taxteam-avocats.com\/fr\/#\/schema\/logo\/image\/"}}]}},"taxonomy_info":{"expertise-type":[{"value":6,"label":"Fiscalit\u00e9 des entreprises"}]},"featured_image_src_large":false,"author_info":[],"comment_info":"","_links":{"self":[{"href":"https:\/\/www.taxteam-avocats.com\/fr\/wp-json\/wp\/v2\/team_expertise\/590","targetHints":{"allow":["GET"]}}],"collection":[{"href":"https:\/\/www.taxteam-avocats.com\/fr\/wp-json\/wp\/v2\/team_expertise"}],"about":[{"href":"https:\/\/www.taxteam-avocats.com\/fr\/wp-json\/wp\/v2\/types\/team_expertise"}],"version-history":[{"count":14,"href":"https:\/\/www.taxteam-avocats.com\/fr\/wp-json\/wp\/v2\/team_expertise\/590\/revisions"}],"predecessor-version":[{"id":1367,"href":"https:\/\/www.taxteam-avocats.com\/fr\/wp-json\/wp\/v2\/team_expertise\/590\/revisions\/1367"}],"wp:attachment":[{"href":"https:\/\/www.taxteam-avocats.com\/fr\/wp-json\/wp\/v2\/media?parent=590"}],"wp:term":[{"taxonomy":"expertise-type","embeddable":true,"href":"https:\/\/www.taxteam-avocats.com\/fr\/wp-json\/wp\/v2\/expertise-type?post=590"}],"curies":[{"name":"wp","href":"https:\/\/api.w.org\/{rel}","templated":true}]}}