{"id":18,"date":"2019-09-24T15:29:23","date_gmt":"2019-09-24T13:29:23","guid":{"rendered":"https:\/\/www.taxteam-avocats.com\/fr\/?post_type=team_member&#038;p=18"},"modified":"2026-01-02T14:48:16","modified_gmt":"2026-01-02T13:48:16","slug":"charles-labreze","status":"publish","type":"team_member","link":"https:\/\/www.taxteam-avocats.com\/fr\/avocat\/charles-labreze\/","title":{"rendered":"Charles Labreze"},"content":{"rendered":"\n<div class=\"wp-block-columns is-layout-flex wp-container-core-columns-is-layout-f5a44f5b wp-block-columns-is-layout-flex\">\n<div class=\"wp-block-column is-vertically-aligned-top has-global-padding is-layout-constrained wp-container-core-column-is-layout-346627ba wp-block-column-is-layout-constrained\" style=\"flex-basis:33.33%\"><figure style=\"padding-right:0;padding-left:0;padding-top:0;padding-bottom:0;margin-top:0;margin-bottom:0;\" class=\"wp-block-post-featured-image\"><img loading=\"lazy\" decoding=\"async\" width=\"1280\" height=\"1398\" src=\"https:\/\/www.taxteam-avocats.com\/fr\/wp-content\/uploads\/sites\/2\/2019\/09\/Charles-Labreze-1920px-026-e1762351509152.jpg\" class=\"attachment-post-thumbnail size-post-thumbnail wp-post-image\" alt=\"\" style=\"object-fit:cover;box-shadow:var(--wp--preset--shadow--natural);\" srcset=\"https:\/\/www.taxteam-avocats.com\/fr\/wp-content\/uploads\/sites\/2\/2019\/09\/Charles-Labreze-1920px-026-e1762351509152.jpg 1280w, https:\/\/www.taxteam-avocats.com\/fr\/wp-content\/uploads\/sites\/2\/2019\/09\/Charles-Labreze-1920px-026-e1762351509152-275x300.jpg 275w, https:\/\/www.taxteam-avocats.com\/fr\/wp-content\/uploads\/sites\/2\/2019\/09\/Charles-Labreze-1920px-026-e1762351509152-938x1024.jpg 938w, https:\/\/www.taxteam-avocats.com\/fr\/wp-content\/uploads\/sites\/2\/2019\/09\/Charles-Labreze-1920px-026-e1762351509152-768x839.jpg 768w\" sizes=\"auto, (max-width: 1280px) 100vw, 1280px\" \/><\/figure>\n\n\n<div class=\"wp-block-query is-layout-flow wp-block-query-is-layout-flow\"><ul class=\"wp-block-post-template is-layout-flow wp-container-core-post-template-is-layout-766ec56c wp-block-post-template-is-layout-flow\"><li class=\"wp-block-post post-1145 team_expertise type-team_expertise status-publish hentry expertise-type-droit-des-affaires\">\n<div style=\"box-shadow:var(--wp--preset--shadow--natural);\" class=\"wp-block-nopow-agency-post-group\"><a class=\"cover-link\" href=\"https:\/\/www.taxteam-avocats.com\/fr\/expertise\/droit-des-societes\/\"><\/a>\n<div class=\"wp-block-group has-global-padding is-layout-constrained wp-container-core-group-is-layout-9e9be3cb wp-block-group-is-layout-constrained\" style=\"border-left-color:var(--wp--preset--color--custom-couleur-secondaire);border-left-width:5px;padding-top:var(--wp--preset--spacing--20);padding-right:var(--wp--preset--spacing--20);padding-bottom:var(--wp--preset--spacing--20);padding-left:var(--wp--preset--spacing--20)\"><h5 style=\"text-transform:uppercase;\" class=\"wp-block-post-title has-medium-custom-font-size\">Droit Des Soci\u00e9t\u00e9s<\/h5><\/div>\n<\/div>\n<\/li><li class=\"wp-block-post post-1001 team_expertise type-team_expertise status-publish hentry expertise-type-droit-des-affaires\">\n<div style=\"box-shadow:var(--wp--preset--shadow--natural);\" class=\"wp-block-nopow-agency-post-group\"><a class=\"cover-link\" href=\"https:\/\/www.taxteam-avocats.com\/fr\/expertise\/redaction-contrats-commerciaux\/\"><\/a>\n<div class=\"wp-block-group has-global-padding is-layout-constrained wp-container-core-group-is-layout-9e9be3cb wp-block-group-is-layout-constrained\" style=\"border-left-color:var(--wp--preset--color--custom-couleur-secondaire);border-left-width:5px;padding-top:var(--wp--preset--spacing--20);padding-right:var(--wp--preset--spacing--20);padding-bottom:var(--wp--preset--spacing--20);padding-left:var(--wp--preset--spacing--20)\"><h5 style=\"text-transform:uppercase;\" class=\"wp-block-post-title has-medium-custom-font-size\">Contrats Commerciaux<\/h5><\/div>\n<\/div>\n<\/li><li class=\"wp-block-post post-565 team_expertise type-team_expertise status-publish hentry expertise-type-droit-des-affaires\">\n<div style=\"box-shadow:var(--wp--preset--shadow--natural);\" class=\"wp-block-nopow-agency-post-group\"><a class=\"cover-link\" href=\"https:\/\/www.taxteam-avocats.com\/fr\/expertise\/contentieux-des-affaires\/\"><\/a>\n<div class=\"wp-block-group has-global-padding is-layout-constrained wp-container-core-group-is-layout-9e9be3cb wp-block-group-is-layout-constrained\" style=\"border-left-color:var(--wp--preset--color--custom-couleur-secondaire);border-left-width:5px;padding-top:var(--wp--preset--spacing--20);padding-right:var(--wp--preset--spacing--20);padding-bottom:var(--wp--preset--spacing--20);padding-left:var(--wp--preset--spacing--20)\"><h5 style=\"text-transform:uppercase;\" class=\"wp-block-post-title has-medium-custom-font-size\">Contentieux des affaires<\/h5><\/div>\n<\/div>\n<\/li><\/ul>\n\n<\/div>\n<\/div>\n\n\n\n<div class=\"wp-block-column is-vertically-aligned-top has-global-padding is-layout-constrained wp-container-core-column-is-layout-346627ba wp-block-column-is-layout-constrained\" style=\"flex-basis:66.66%\">\n<div class=\"wp-block-group has-responsive-settings has-responsive-display-medium-large has-global-padding is-layout-constrained wp-block-group-is-layout-constrained\" style=\"margin-top:0;margin-bottom:0\"><h2 style=\"padding-top:0;padding-bottom:0;margin-bottom:0;\" class=\"wp-block-post-title\">Charles Labreze<\/h2>\n\n<div style=\"color:#f16025\" class=\"taxonomy-qualite has-link-color wp-elements-d4a40aa1da4f9966912b60ecc8f3dd4c wp-block-post-terms has-text-color has-large-font-size\"><a href=\"https:\/\/www.taxteam-avocats.com\/fr\/qualite\/avocat-collaborateur\/\" rel=\"tag\">Avocat collaborateur<\/a><\/div><\/div>\n\n\n\n<p>Charles LABREZE est dipl\u00f4m\u00e9 d\u2019un Master 2 en droit des affaires obtenu \u00e0 l\u2019Universit\u00e9 de Bordeaux et est titulaire du certificat d\u2019aptitude \u00e0 la profession d\u2019avocat (CAPA).<\/p>\n\n\n\n<p>Au cours de sa formation, il a effectu\u00e9 diff\u00e9rents stages, notamment au sein du d\u00e9partement contentieux des affaires du cabinet RMC &amp; Associ\u00e9s, ainsi qu\u2019en mati\u00e8re corporate au sein du service juridique de la Compagnie Fiduciaire. Il a par la suite int\u00e9gr\u00e9 le cabinet Altair Avocats \u00e0 Bordeaux intervenant principalement en private equity, en fusions-acquisitions et de mani\u00e8re plus g\u00e9n\u00e9rale en droit des soci\u00e9t\u00e9s.<\/p>\n\n\n\n<p>Charles a rejoint TAX TEAM &amp; CONSEILS en f\u00e9vrier 2023, au sein de l\u2019\u00e9quipe d\u00e9di\u00e9e au droit des affaires.<\/p>\n<\/div>\n<\/div>\n","protected":false},"excerpt":{"rendered":"<p>Charles LABREZE est dipl\u00f4m\u00e9 d\u2019un Master 2 en droit des affaires obtenu \u00e0 l\u2019Universit\u00e9 de Bordeaux et est titulaire du certificat d\u2019aptitude \u00e0 la profession d\u2019avocat (CAPA). Au cours de sa formation, il a effectu\u00e9 diff\u00e9rents stages, notamment au sein du d\u00e9partement contentieux des affaires du cabinet RMC &amp; Associ\u00e9s, ainsi qu\u2019en mati\u00e8re corporate au [&hellip;]<\/p>\n","protected":false},"featured_media":1222,"menu_order":0,"template":"","qualite":[11],"specialite":[27],"class_list":["post-18","team_member","type-team_member","status-publish","has-post-thumbnail","hentry","qualite-avocat-collaborateur","specialite-avocat-en-droit-des-affaires"],"social_data":[{"label":"Email","name":"email","url":"mailto:info@taxteam.fr"},{"label":"LinkedIn","name":"linkedin","url":"#"}],"yoast_head":"<!-- This site is optimized with the Yoast SEO plugin v26.8 - https:\/\/yoast.com\/product\/yoast-seo-wordpress\/ -->\n<title>Charles Labreze - Tax Team et Conseils<\/title>\n<meta name=\"robots\" content=\"index, follow, max-snippet:-1, max-image-preview:large, max-video-preview:-1\" \/>\n<link rel=\"canonical\" href=\"https:\/\/www.taxteam-avocats.com\/fr\/avocat\/charles-labreze\/\" \/>\n<meta property=\"og:locale\" content=\"fr_FR\" \/>\n<meta property=\"og:type\" content=\"article\" \/>\n<meta property=\"og:title\" content=\"Charles Labreze - Tax Team et Conseils\" \/>\n<meta property=\"og:description\" content=\"Charles LABREZE est dipl\u00f4m\u00e9 d\u2019un Master 2 en droit des affaires obtenu \u00e0 l\u2019Universit\u00e9 de Bordeaux et est titulaire du certificat d\u2019aptitude \u00e0 la profession d\u2019avocat (CAPA). Au cours de sa formation, il a effectu\u00e9 diff\u00e9rents stages, notamment au sein du d\u00e9partement contentieux des affaires du cabinet RMC &amp; Associ\u00e9s, ainsi qu\u2019en mati\u00e8re corporate au [&hellip;]\" \/>\n<meta property=\"og:url\" content=\"https:\/\/www.taxteam-avocats.com\/fr\/avocat\/charles-labreze\/\" \/>\n<meta property=\"og:site_name\" content=\"Tax Team et Conseils\" \/>\n<meta property=\"article:modified_time\" content=\"2026-01-02T13:48:16+00:00\" \/>\n<meta property=\"og:image\" content=\"https:\/\/www.taxteam-avocats.com\/fr\/wp-content\/uploads\/sites\/2\/2019\/09\/Charles-Labreze-1920px-026-e1762351509152.jpg\" \/>\n\t<meta property=\"og:image:width\" content=\"1280\" \/>\n\t<meta property=\"og:image:height\" content=\"1398\" \/>\n\t<meta property=\"og:image:type\" content=\"image\/jpeg\" \/>\n<meta name=\"twitter:card\" content=\"summary_large_image\" \/>\n<meta name=\"twitter:label1\" content=\"Dur\u00e9e de lecture estim\u00e9e\" \/>\n\t<meta name=\"twitter:data1\" content=\"1 minute\" \/>\n<script type=\"application\/ld+json\" class=\"yoast-schema-graph\">{\"@context\":\"https:\/\/schema.org\",\"@graph\":[{\"@type\":\"WebPage\",\"@id\":\"https:\/\/www.taxteam-avocats.com\/fr\/avocat\/charles-labreze\/\",\"url\":\"https:\/\/www.taxteam-avocats.com\/fr\/avocat\/charles-labreze\/\",\"name\":\"Charles Labreze - Tax Team et Conseils\",\"isPartOf\":{\"@id\":\"https:\/\/www.taxteam-avocats.com\/fr\/#website\"},\"primaryImageOfPage\":{\"@id\":\"https:\/\/www.taxteam-avocats.com\/fr\/avocat\/charles-labreze\/#primaryimage\"},\"image\":{\"@id\":\"https:\/\/www.taxteam-avocats.com\/fr\/avocat\/charles-labreze\/#primaryimage\"},\"thumbnailUrl\":\"https:\/\/www.taxteam-avocats.com\/fr\/wp-content\/uploads\/sites\/2\/2019\/09\/Charles-Labreze-1920px-026-e1762351509152.jpg\",\"datePublished\":\"2019-09-24T13:29:23+00:00\",\"dateModified\":\"2026-01-02T13:48:16+00:00\",\"breadcrumb\":{\"@id\":\"https:\/\/www.taxteam-avocats.com\/fr\/avocat\/charles-labreze\/#breadcrumb\"},\"inLanguage\":\"fr-FR\",\"potentialAction\":[{\"@type\":\"ReadAction\",\"target\":[\"https:\/\/www.taxteam-avocats.com\/fr\/avocat\/charles-labreze\/\"]}]},{\"@type\":\"ImageObject\",\"inLanguage\":\"fr-FR\",\"@id\":\"https:\/\/www.taxteam-avocats.com\/fr\/avocat\/charles-labreze\/#primaryimage\",\"url\":\"https:\/\/www.taxteam-avocats.com\/fr\/wp-content\/uploads\/sites\/2\/2019\/09\/Charles-Labreze-1920px-026-e1762351509152.jpg\",\"contentUrl\":\"https:\/\/www.taxteam-avocats.com\/fr\/wp-content\/uploads\/sites\/2\/2019\/09\/Charles-Labreze-1920px-026-e1762351509152.jpg\",\"width\":1280,\"height\":1398,\"caption\":\"Charles Labreze\"},{\"@type\":\"BreadcrumbList\",\"@id\":\"https:\/\/www.taxteam-avocats.com\/fr\/avocat\/charles-labreze\/#breadcrumb\",\"itemListElement\":[{\"@type\":\"ListItem\",\"position\":1,\"name\":\"Accueil\",\"item\":\"https:\/\/www.taxteam-avocats.com\/fr\/\"},{\"@type\":\"ListItem\",\"position\":2,\"name\":\"Membres de l'\u00e9quipe\",\"item\":\"https:\/\/www.taxteam-avocats.com\/fr\/avocat\/\"},{\"@type\":\"ListItem\",\"position\":3,\"name\":\"Charles Labreze\"}]},{\"@type\":\"WebSite\",\"@id\":\"https:\/\/www.taxteam-avocats.com\/fr\/#website\",\"url\":\"https:\/\/www.taxteam-avocats.com\/fr\/\",\"name\":\"Tax Team et Conseils\",\"description\":\"Cabinet d&#039;avocats \u00e0 Bordeaux\",\"publisher\":{\"@id\":\"https:\/\/www.taxteam-avocats.com\/fr\/#organization\"},\"potentialAction\":[{\"@type\":\"SearchAction\",\"target\":{\"@type\":\"EntryPoint\",\"urlTemplate\":\"https:\/\/www.taxteam-avocats.com\/fr\/?s={search_term_string}\"},\"query-input\":{\"@type\":\"PropertyValueSpecification\",\"valueRequired\":true,\"valueName\":\"search_term_string\"}}],\"inLanguage\":\"fr-FR\"},{\"@type\":\"Organization\",\"@id\":\"https:\/\/www.taxteam-avocats.com\/fr\/#organization\",\"name\":\"Tax Team et Conseils\",\"url\":\"https:\/\/www.taxteam-avocats.com\/fr\/\",\"logo\":{\"@type\":\"ImageObject\",\"inLanguage\":\"fr-FR\",\"@id\":\"https:\/\/www.taxteam-avocats.com\/fr\/#\/schema\/logo\/image\/\",\"url\":\"https:\/\/www.taxteam-avocats.com\/fr\/wp-content\/uploads\/sites\/2\/2025\/09\/TaxTeamConseil_logo_transparent.png\",\"contentUrl\":\"https:\/\/www.taxteam-avocats.com\/fr\/wp-content\/uploads\/sites\/2\/2025\/09\/TaxTeamConseil_logo_transparent.png\",\"width\":368,\"height\":49,\"caption\":\"Tax Team et Conseils\"},\"image\":{\"@id\":\"https:\/\/www.taxteam-avocats.com\/fr\/#\/schema\/logo\/image\/\"}}]}<\/script>\n<!-- \/ Yoast SEO plugin. -->","yoast_head_json":{"title":"Charles Labreze - Tax Team et Conseils","robots":{"index":"index","follow":"follow","max-snippet":"max-snippet:-1","max-image-preview":"max-image-preview:large","max-video-preview":"max-video-preview:-1"},"canonical":"https:\/\/www.taxteam-avocats.com\/fr\/avocat\/charles-labreze\/","og_locale":"fr_FR","og_type":"article","og_title":"Charles Labreze - Tax Team et Conseils","og_description":"Charles LABREZE est dipl\u00f4m\u00e9 d\u2019un Master 2 en droit des affaires obtenu \u00e0 l\u2019Universit\u00e9 de Bordeaux et est titulaire du certificat d\u2019aptitude \u00e0 la profession d\u2019avocat (CAPA). Au cours de sa formation, il a effectu\u00e9 diff\u00e9rents stages, notamment au sein du d\u00e9partement contentieux des affaires du cabinet RMC &amp; Associ\u00e9s, ainsi qu\u2019en mati\u00e8re corporate au [&hellip;]","og_url":"https:\/\/www.taxteam-avocats.com\/fr\/avocat\/charles-labreze\/","og_site_name":"Tax Team et Conseils","article_modified_time":"2026-01-02T13:48:16+00:00","og_image":[{"width":1280,"height":1398,"url":"https:\/\/www.taxteam-avocats.com\/fr\/wp-content\/uploads\/sites\/2\/2019\/09\/Charles-Labreze-1920px-026-e1762351509152.jpg","type":"image\/jpeg"}],"twitter_card":"summary_large_image","twitter_misc":{"Dur\u00e9e de lecture estim\u00e9e":"1 minute"},"schema":{"@context":"https:\/\/schema.org","@graph":[{"@type":"WebPage","@id":"https:\/\/www.taxteam-avocats.com\/fr\/avocat\/charles-labreze\/","url":"https:\/\/www.taxteam-avocats.com\/fr\/avocat\/charles-labreze\/","name":"Charles Labreze - Tax Team et Conseils","isPartOf":{"@id":"https:\/\/www.taxteam-avocats.com\/fr\/#website"},"primaryImageOfPage":{"@id":"https:\/\/www.taxteam-avocats.com\/fr\/avocat\/charles-labreze\/#primaryimage"},"image":{"@id":"https:\/\/www.taxteam-avocats.com\/fr\/avocat\/charles-labreze\/#primaryimage"},"thumbnailUrl":"https:\/\/www.taxteam-avocats.com\/fr\/wp-content\/uploads\/sites\/2\/2019\/09\/Charles-Labreze-1920px-026-e1762351509152.jpg","datePublished":"2019-09-24T13:29:23+00:00","dateModified":"2026-01-02T13:48:16+00:00","breadcrumb":{"@id":"https:\/\/www.taxteam-avocats.com\/fr\/avocat\/charles-labreze\/#breadcrumb"},"inLanguage":"fr-FR","potentialAction":[{"@type":"ReadAction","target":["https:\/\/www.taxteam-avocats.com\/fr\/avocat\/charles-labreze\/"]}]},{"@type":"ImageObject","inLanguage":"fr-FR","@id":"https:\/\/www.taxteam-avocats.com\/fr\/avocat\/charles-labreze\/#primaryimage","url":"https:\/\/www.taxteam-avocats.com\/fr\/wp-content\/uploads\/sites\/2\/2019\/09\/Charles-Labreze-1920px-026-e1762351509152.jpg","contentUrl":"https:\/\/www.taxteam-avocats.com\/fr\/wp-content\/uploads\/sites\/2\/2019\/09\/Charles-Labreze-1920px-026-e1762351509152.jpg","width":1280,"height":1398,"caption":"Charles Labreze"},{"@type":"BreadcrumbList","@id":"https:\/\/www.taxteam-avocats.com\/fr\/avocat\/charles-labreze\/#breadcrumb","itemListElement":[{"@type":"ListItem","position":1,"name":"Accueil","item":"https:\/\/www.taxteam-avocats.com\/fr\/"},{"@type":"ListItem","position":2,"name":"Membres de l'\u00e9quipe","item":"https:\/\/www.taxteam-avocats.com\/fr\/avocat\/"},{"@type":"ListItem","position":3,"name":"Charles Labreze"}]},{"@type":"WebSite","@id":"https:\/\/www.taxteam-avocats.com\/fr\/#website","url":"https:\/\/www.taxteam-avocats.com\/fr\/","name":"Tax Team et Conseils","description":"Cabinet d&#039;avocats \u00e0 Bordeaux","publisher":{"@id":"https:\/\/www.taxteam-avocats.com\/fr\/#organization"},"potentialAction":[{"@type":"SearchAction","target":{"@type":"EntryPoint","urlTemplate":"https:\/\/www.taxteam-avocats.com\/fr\/?s={search_term_string}"},"query-input":{"@type":"PropertyValueSpecification","valueRequired":true,"valueName":"search_term_string"}}],"inLanguage":"fr-FR"},{"@type":"Organization","@id":"https:\/\/www.taxteam-avocats.com\/fr\/#organization","name":"Tax Team et Conseils","url":"https:\/\/www.taxteam-avocats.com\/fr\/","logo":{"@type":"ImageObject","inLanguage":"fr-FR","@id":"https:\/\/www.taxteam-avocats.com\/fr\/#\/schema\/logo\/image\/","url":"https:\/\/www.taxteam-avocats.com\/fr\/wp-content\/uploads\/sites\/2\/2025\/09\/TaxTeamConseil_logo_transparent.png","contentUrl":"https:\/\/www.taxteam-avocats.com\/fr\/wp-content\/uploads\/sites\/2\/2025\/09\/TaxTeamConseil_logo_transparent.png","width":368,"height":49,"caption":"Tax Team et Conseils"},"image":{"@id":"https:\/\/www.taxteam-avocats.com\/fr\/#\/schema\/logo\/image\/"}}]}},"taxonomy_info":{"qualite":[{"value":11,"label":"Avocat collaborateur"}],"specialite":[{"value":27,"label":"Avocat en droit des affaires"}]},"featured_image_src_large":["https:\/\/www.taxteam-avocats.com\/fr\/wp-content\/uploads\/sites\/2\/2019\/09\/Charles-Labreze-1920px-026-e1762351509152-938x1024.jpg",938,1024,true],"author_info":[],"comment_info":"","_links":{"self":[{"href":"https:\/\/www.taxteam-avocats.com\/fr\/wp-json\/wp\/v2\/team_member\/18","targetHints":{"allow":["GET"]}}],"collection":[{"href":"https:\/\/www.taxteam-avocats.com\/fr\/wp-json\/wp\/v2\/team_member"}],"about":[{"href":"https:\/\/www.taxteam-avocats.com\/fr\/wp-json\/wp\/v2\/types\/team_member"}],"wp:featuredmedia":[{"embeddable":true,"href":"https:\/\/www.taxteam-avocats.com\/fr\/wp-json\/wp\/v2\/media\/1222"}],"wp:attachment":[{"href":"https:\/\/www.taxteam-avocats.com\/fr\/wp-json\/wp\/v2\/media?parent=18"}],"wp:term":[{"taxonomy":"qualite","embeddable":true,"href":"https:\/\/www.taxteam-avocats.com\/fr\/wp-json\/wp\/v2\/qualite?post=18"},{"taxonomy":"specialite","embeddable":true,"href":"https:\/\/www.taxteam-avocats.com\/fr\/wp-json\/wp\/v2\/specialite?post=18"}],"curies":[{"name":"wp","href":"https:\/\/api.w.org\/{rel}","templated":true}]}}